{"id":525,"date":"2018-03-10T02:17:44","date_gmt":"2018-03-10T00:17:44","guid":{"rendered":"http:\/\/www.enrutagirona.cat\/?page_id=525"},"modified":"2020-06-05T13:43:17","modified_gmt":"2020-06-05T11:43:17","slug":"les-nostres-rutes-caracteristiques-generals","status":"publish","type":"page","link":"https:\/\/www.enrutagirona.cat\/ca\/els_nostres_serveis\/excursions-i-guiatges-interpretatius\/les-nostres-rutes-caracteristiques-generals\/","title":{"rendered":"Les nostres rutes: caracter\u00edstiques generals<br \/> <iframe allow=\"autoplay; encrypted-media\" allowfullscreen=\"\" frameborder=\"0\" height=\"220\" src=\"https:\/\/www.youtube-nocookie.com\/embed\/HKKAGU-VTDw?rel=0&#038;controls=0&#038;showinfo=0&#038;start=6;end=84\"><\/iframe><FONT SIZE=1>FONT: Patronat de Turisme de Girona<\/font>"},"content":{"rendered":"<p>Tothom pot venir amb nosaltres: les nostres excursions s\u00f3n sempre de baixa o mitjana dificultat.<\/p>\n<p>Us recomanem portar un equipament adequat per caminar: un bon cal\u00e7at, amb relleu ben marcat a les soles (si estreneu sabates, us recomanem que les feu servir uns dies abans per adaptar-vos-les als peus); portar pantalons llargs ja que, en algunes rutes, transitem per espais poc freq\u00fcentats i els camins no sempre estan en estat \u00f2ptim; una motxilla gran per\u00f2 c\u00f2moda, amb aigua i prou menjar per a la jornada, roba per canviar-se o per protegir-se del fred o el mal temps, un impermeable, un banyador\u2026 i crema de protecci\u00f3 solar! Si es vol, a m\u00e9s, podeu anar amb gorra i portar bast\u00f3.<\/p>\n<p><span style=\"color: #328232;\"><strong><a style=\"color: #328232;\" href=\"http:\/\/www.enrutagirona.cat\/els_nostres_serveis\/excursions-i-guiatges-interpretatius\/\">Les nostres rutes<\/a><\/strong><\/span> estan classificades segons la durada mitjana de cada excursi\u00f3: algunes es poden fer en un mat\u00ed (visites guiades de 2-4 hores), i altres necessiten una jornada d&#8217;un mat\u00ed a mitja tarda (senderisme de 3-7 hores), si b\u00e9 tamb\u00e9 podem ajudar-vos a preparar qualsevol sortida que no sigui al nostre cat\u00e0leg. Hem dissenyat excursions\u00a0que es puguin fer amb nens, i tamb\u00e9 sortides\u00a0<strong><span style=\"color: #328232;\"><a style=\"color: #328232;\" href=\"http:\/\/www.enrutagirona.cat\/turisme-inclusiu-bicicletes-joelette\/\">inclusives i accessibles<\/a><\/span><\/strong> per a persones amb mobilitat redu\u00efda.<\/p>\n<p>Per facilitar la vostra tria, les hem definit com a f\u00e0cils, moderades, exigents o dures, segons el nivell de dificultat; per\u00f2 a l\u2019hora d\u2019escollir una sortida tamb\u00e9 us podeu guiar pel desnivell, la dist\u00e0ncia o la durada mitjana de cadascuna.<\/p>\n<table width=\"529\">\n<tbody>\n<tr>\n<td>\u00a0 \u00a0 ICONA \u00a0 \u00a0 \u00a0 \u00a0 DESCRIPCI\u00d3 \u00a0 \u00a0 \u00a0 \u00a0 \u00a0 \u00a0 CARACTER\u00cdSTIQUES<\/p>\n<table border=\"1\">\n<tbody>\n<tr>\n<td width=\"93\">\u00a0<img loading=\"lazy\" decoding=\"async\" class=\"aligncenter wp-image-39\" src=\"http:\/\/www.enrutagirona.cat\/wp-content\/uploads\/2018\/03\/familiar.jpg\" alt=\"\" width=\"70\" height=\"58\" \/><\/td>\n<td width=\"159\">Rutes f\u00e0cils, possibles per fer en fam\u00edlia o amb nens.<\/td>\n<td width=\"251\">Esfor\u00e7 f\u00edsic: baix<br \/>\nDificultat t\u00e8cnica: baixa<br \/>\nDist\u00e0ncia: entre 6-10 km<br \/>\nDesnivell: m\u00e0x. 250 m<br \/>\nDurada total: 2 \u2013 5 h<br \/>\nTemps caminant: aprox. 3h 30m<\/td>\n<\/tr>\n<tr>\n<td width=\"93\"><img loading=\"lazy\" decoding=\"async\" class=\"size-full wp-image-38 aligncenter\" src=\"http:\/\/www.enrutagirona.cat\/wp-content\/uploads\/2018\/03\/f\u00e0cil.jpg\" alt=\"\" width=\"71\" height=\"61\" \/><\/td>\n<td width=\"159\">Rutes f\u00e0cils i aptes per a tothom que vulgui fer una passejada agradable.<\/td>\n<td width=\"251\">Esfor\u00e7 f\u00edsic: baix<br \/>\nDificultat t\u00e8cnica: baixa<br \/>\nDist\u00e0ncia: entre 6-10 km<br \/>\nDesnivell: m\u00e0x. 250 m<br \/>\nDurada total: 2 \u2013 5 h<br \/>\nTemps caminant: aprox. 3h 30m<\/td>\n<\/tr>\n<tr>\n<td width=\"93\"><img loading=\"lazy\" decoding=\"async\" class=\"size-full wp-image-52 aligncenter\" src=\"http:\/\/www.enrutagirona.cat\/wp-content\/uploads\/2018\/03\/moderada.jpg\" alt=\"\" width=\"65\" height=\"61\" \/><\/td>\n<td width=\"159\">Rutes moderades: poden ser completades pels qui tenen certa forma f\u00edsica.<\/td>\n<td width=\"251\">Esfor\u00e7 f\u00edsic: moderat<br \/>\nDificultat t\u00e8cnica: baixa\/moderada<br \/>\nDist\u00e0ncia: entre 10-12 km<br \/>\nDesnivell: m\u00e0x. 500 m<br \/>\nDurada total: 4 \u2013 6 h<br \/>\nTemps caminant: aprox. 4h 30m<\/td>\n<\/tr>\n<tr>\n<td width=\"93\"><img loading=\"lazy\" decoding=\"async\" class=\"size-full wp-image-36 aligncenter\" src=\"http:\/\/www.enrutagirona.cat\/wp-content\/uploads\/2018\/03\/exigent.jpg\" alt=\"\" width=\"72\" height=\"63\" \/><\/td>\n<td width=\"159\">Rutes exigents: cal estar acostumat a realitzar esfor\u00e7os f\u00edsics constants.<\/td>\n<td width=\"251\">Esfor\u00e7 f\u00edsic: de moderat a alt<br \/>\nDificultat t\u00e8cnica: moderada<br \/>\nDist\u00e0ncia: entre 12-18 km<br \/>\nDesnivell: m\u00e0x. 800 m<br \/>\nDurada total: 5 \u2013 7 h<br \/>\nTemps caminant: aprox. 5h 30m<\/td>\n<\/tr>\n<tr>\n<td width=\"93\"><img loading=\"lazy\" decoding=\"async\" class=\"size-full wp-image-35 aligncenter\" src=\"http:\/\/www.enrutagirona.cat\/wp-content\/uploads\/2018\/03\/dura.jpg\" alt=\"\" width=\"72\" height=\"63\" \/><\/td>\n<td width=\"159\">Rutes dures: cal superar un esfor\u00e7 f\u00edsic alt de manera continuada. Nom\u00e9s per als experts.<\/td>\n<td width=\"251\">Esfor\u00e7 f\u00edsic: exigent<br \/>\nDificultat t\u00e8cnica: moderada\/dura<br \/>\nDist\u00e0ncia: entre 18-22 km<br \/>\nDesnivell: m\u00e0x. 1400 m<br \/>\nDurada total: 8 \u2013 12 h<br \/>\nTemps caminant: aprox. 8h<\/td>\n<\/tr>\n<\/tbody>\n<\/table>\n<\/td>\n<\/tr>\n<\/tbody>\n<\/table>\n<p>A vegades, algunes de les rutes plantejades per fer en una jornada de mat\u00ed i mitja tarda (senderisme de 3-7 hores) es poden reduir per ser fetes en un mat\u00ed llarg si passem per camins alternatius. En tot cas, \u00e9s interessant que mireu si es tracta d\u2019una ruta circular o no, perqu\u00e8 d\u2019aix\u00f2 en dependr\u00e0 la planificaci\u00f3 que cal fer: podria ser que necessit\u00e9ssim un transport per tornar al punt d\u2019inici, o, fins i tot, un allotjament proper al punt d\u2019arribada.<\/p>\n<table width=\"530\">\n<tbody>\n<tr>\n<td>\u00a0\u00a0 \u00a0 \u00a0 \u00a0ICONA \u00a0 \u00a0 \u00a0 \u00a0 \u00a0 \u00a0DESCRIPCI\u00d3<\/p>\n<table border=\"1\">\n<tbody>\n<tr>\n<td width=\"114\">\u00a0<img decoding=\"async\" class=\"aligncenter\" src=\"http:\/\/www.enrutagirona.cat\/wp-content\/uploads\/2018\/03\/circular.jpg\" \/><\/td>\n<td width=\"388\">Ruta circular:<br \/>\nrutes en qu\u00e8 el punt inicial i el punt final s\u00f3n el mateix.<\/td>\n<\/tr>\n<tr>\n<td width=\"114\">\u00a0<img decoding=\"async\" class=\"aligncenter\" src=\"http:\/\/www.enrutagirona.cat\/wp-content\/uploads\/2018\/03\/itinerant.jpg\" \/><\/td>\n<td width=\"388\">Ruta itinerant:<br \/>\nrutes amb diferent punt inicial i punt d\u2019arribada.<\/td>\n<\/tr>\n<\/tbody>\n<\/table>\n<\/td>\n<\/tr>\n<\/tbody>\n<\/table>\n<p>A l&#8217;hora de dissenyar les nostres sortides tenim molt en compte que puguin ser excursions de turisme inclusiu i accessible, encara que a vegades aix\u00f2 signifiqui modificar una mica el recorregut o l&#8217;\u00fas d&#8217;una <span style=\"color: #328232;\"><strong><a style=\"color: #328232;\" href=\"http:\/\/www.enrutagirona.cat\/turisme-inclusiu-bicicletes-joelette\/\" target=\"_blank\" rel=\"noopener noreferrer\"><em>bicicleta Jo\u00eblette<\/em><\/a><\/strong><\/span>. Si \u00e9s el vostre cas, informeu-vos-en abans.<\/p>\n<table width=\"530\">\n<tbody>\n<tr>\n<td>\u00a0\u00a0 \u00a0 \u00a0 \u00a0ICONA \u00a0 \u00a0 \u00a0 \u00a0 \u00a0 \u00a0DESCRIPCI\u00d3<\/p>\n<table border=\"1\">\n<tbody>\n<tr>\n<td width=\"114\">\u00a0<img decoding=\"async\" class=\"aligncenter\" src=\"http:\/\/www.enrutagirona.cat\/wp-content\/uploads\/2018\/03\/inclusiu.jpg\" \/><\/td>\n<td width=\"388\">Ruta inclusiva i accessible:<br \/>\napta per a col\u00b7lectius amb mobilitat redu\u00efda, canviant el trajecte o amb l\u2019\u00fas d\u2019una\u00a0<span style=\"color: #328232;\"><strong><a style=\"color: #328232;\" href=\"http:\/\/www.enrutagirona.cat\/turisme-inclusiu-bicicletes-joelette\/\" target=\"_blank\" rel=\"noopener noreferrer\"><em>bicicleta Jo\u00eblette<\/em><\/a><\/strong><\/span>.<\/td>\n<\/tr>\n<\/tbody>\n<\/table>\n<\/td>\n<\/tr>\n<\/tbody>\n<\/table>\n","protected":false},"excerpt":{"rendered":"<p>Tothom pot venir amb nosaltres: les nostres excursions s\u00f3n sempre de baixa o mitjana dificultat. Us recomanem portar un equipament adequat per caminar: un bon cal\u00e7at, amb relleu ben marcat a les soles (si estreneu sabates, us recomanem que les feu servir uns dies abans per adaptar-vos-les als peus); portar pantalons llargs ja que, en &hellip; <\/p>\n<p class=\"link-more\"><a href=\"https:\/\/www.enrutagirona.cat\/ca\/els_nostres_serveis\/excursions-i-guiatges-interpretatius\/les-nostres-rutes-caracteristiques-generals\/\" class=\"more-link\">Continua llegint <span class=\"screen-reader-text\">\u00abLes nostres rutes: caracter\u00edstiques generals<br \/> <iframe allow=\"autoplay; encrypted-media\" allowfullscreen=\"\" frameborder=\"0\" height=\"220\" src=\"https:\/\/www.youtube-nocookie.com\/embed\/HKKAGU-VTDw?rel=0&#038;controls=0&#038;showinfo=0&#038;start=6;end=84\"><\/iframe><FONT SIZE=1>FONT: Patronat de Turisme de Girona<\/font>\u00bb<\/span><\/a><\/p>\n","protected":false},"author":1,"featured_media":526,"parent":116,"menu_order":4,"comment_status":"closed","ping_status":"closed","template":"","meta":{"_monsterinsights_skip_tracking":false,"_monsterinsights_sitenote_active":false,"_monsterinsights_sitenote_note":"","_monsterinsights_sitenote_category":0,"footnotes":""},"class_list":["post-525","page","type-page","status-publish","has-post-thumbnail","hentry"],"aioseo_notices":[],"_links":{"self":[{"href":"https:\/\/www.enrutagirona.cat\/ca\/wp-json\/wp\/v2\/pages\/525","targetHints":{"allow":["GET"]}}],"collection":[{"href":"https:\/\/www.enrutagirona.cat\/ca\/wp-json\/wp\/v2\/pages"}],"about":[{"href":"https:\/\/www.enrutagirona.cat\/ca\/wp-json\/wp\/v2\/types\/page"}],"author":[{"embeddable":true,"href":"https:\/\/www.enrutagirona.cat\/ca\/wp-json\/wp\/v2\/users\/1"}],"replies":[{"embeddable":true,"href":"https:\/\/www.enrutagirona.cat\/ca\/wp-json\/wp\/v2\/comments?post=525"}],"version-history":[{"count":0,"href":"https:\/\/www.enrutagirona.cat\/ca\/wp-json\/wp\/v2\/pages\/525\/revisions"}],"up":[{"embeddable":true,"href":"https:\/\/www.enrutagirona.cat\/ca\/wp-json\/wp\/v2\/pages\/116"}],"wp:featuredmedia":[{"embeddable":true,"href":"https:\/\/www.enrutagirona.cat\/ca\/wp-json\/wp\/v2\/media\/526"}],"wp:attachment":[{"href":"https:\/\/www.enrutagirona.cat\/ca\/wp-json\/wp\/v2\/media?parent=525"}],"curies":[{"name":"wp","href":"https:\/\/api.w.org\/{rel}","templated":true}]}}